{"id":788,"date":"2021-02-13T13:00:41","date_gmt":"2021-02-13T16:00:41","guid":{"rendered":"https:\/\/gupea.ufpr.br\/?page_id=788"},"modified":"2021-10-26T19:26:00","modified_gmt":"2021-10-26T22:26:00","slug":"materiais-de-apoio","status":"publish","type":"page","link":"https:\/\/gupea.ufpr.br\/?page_id=788","title":{"rendered":"Materiais de apoio"},"content":{"rendered":"<p><strong>Coleta de dados<\/strong><\/p>\n<ul>\n<li style=\"list-style-type: none;\">\n<ul>\n<li><a href=\"https:\/\/gupea.ufpr.br\/wp-content\/uploads\/2021\/10\/15.03.19-Recordat\u00f3rio-Projeto-IODO-final-com-hor\u00e1rio.pdf\">Recordat\u00f3rio 24-horas modelo<\/a><\/li>\n<li><a href=\"https:\/\/gupea.ufpr.br\/wp-content\/uploads\/2021\/10\/Detalhamento-probes-segundo-grupos-alimentares.pdf\">Detalhamento probes, segundo grupos alimentares, para uso com o recordat\u00f3rio 24-horas<\/a><\/li>\n<\/ul>\n<\/li>\n<\/ul>\n<p><strong>V\u00eddeos<\/strong><\/p>\n<blockquote class=\"wp-embedded-content\" data-secret=\"1DMiSUkJ57\"><p><a href=\"https:\/\/gupea.ufpr.br\/?page_id=316\">V\u00eddeos instrucionais: Avalia\u00e7\u00e3o do Consumo Alimentar<\/a><\/p><\/blockquote>\n<p><iframe loading=\"lazy\" class=\"wp-embedded-content\" sandbox=\"allow-scripts\" security=\"restricted\" style=\"position: absolute; visibility: hidden;\" title=\"&#8220;V\u00eddeos instrucionais: Avalia\u00e7\u00e3o do Consumo Alimentar&#8221; &#8212; \" src=\"https:\/\/gupea.ufpr.br\/?page_id=316&#038;embed=true#?secret=mEOAcZ9m7X#?secret=1DMiSUkJ57\" data-secret=\"1DMiSUkJ57\" width=\"525\" height=\"296\" frameborder=\"0\" marginwidth=\"0\" marginheight=\"0\" scrolling=\"no\"><\/iframe><\/p>\n<p><iframe loading=\"lazy\" title=\"YouTube video player\" src=\"https:\/\/www.youtube.com\/embed\/ZxYbsvyAWdo\" width=\"560\" height=\"315\" frameborder=\"0\" allowfullscreen=\"allowfullscreen\"><\/iframe><\/p>\n","protected":false},"excerpt":{"rendered":"<p>Coleta de dados Recordat\u00f3rio 24-horas modelo Detalhamento probes, segundo grupos alimentares, para uso com o recordat\u00f3rio 24-horas V\u00eddeos V\u00eddeos instrucionais: Avalia\u00e7\u00e3o do Consumo Alimentar<\/p>\n","protected":false},"author":1,"featured_media":0,"parent":0,"menu_order":0,"comment_status":"closed","ping_status":"closed","template":"","meta":{"footnotes":""},"class_list":["post-788","page","type-page","status-publish","hentry"],"_links":{"self":[{"href":"https:\/\/gupea.ufpr.br\/index.php?rest_route=\/wp\/v2\/pages\/788","targetHints":{"allow":["GET"]}}],"collection":[{"href":"https:\/\/gupea.ufpr.br\/index.php?rest_route=\/wp\/v2\/pages"}],"about":[{"href":"https:\/\/gupea.ufpr.br\/index.php?rest_route=\/wp\/v2\/types\/page"}],"author":[{"embeddable":true,"href":"https:\/\/gupea.ufpr.br\/index.php?rest_route=\/wp\/v2\/users\/1"}],"replies":[{"embeddable":true,"href":"https:\/\/gupea.ufpr.br\/index.php?rest_route=%2Fwp%2Fv2%2Fcomments&post=788"}],"version-history":[{"count":6,"href":"https:\/\/gupea.ufpr.br\/index.php?rest_route=\/wp\/v2\/pages\/788\/revisions"}],"predecessor-version":[{"id":809,"href":"https:\/\/gupea.ufpr.br\/index.php?rest_route=\/wp\/v2\/pages\/788\/revisions\/809"}],"wp:attachment":[{"href":"https:\/\/gupea.ufpr.br\/index.php?rest_route=%2Fwp%2Fv2%2Fmedia&parent=788"}],"curies":[{"name":"wp","href":"https:\/\/api.w.org\/{rel}","templated":true}]}}